{"id":169,"date":"2024-09-18T15:57:47","date_gmt":"2024-09-18T15:57:47","guid":{"rendered":"https:\/\/svk.ukazsvojuchemiu.sk\/?page_id=169"},"modified":"2026-05-02T16:05:57","modified_gmt":"2026-05-02T16:05:57","slug":"galeria-a-archiv","status":"publish","type":"page","link":"https:\/\/ukazsvojuchemiu.sk\/en\/galeria-a-archiv\/","title":{"rendered":"Gallery and Archive"},"content":{"rendered":"<p>On this page you can find photos from previous years of the Student Scientific Conference with international participation, as well as the results, electronic versions of the proceedings and many other interesting contents (here you can&nbsp;<a href=\"https:\/\/ukazsvojuchemiu.sk\/wp-content\/uploads\/2024\/10\/svk_logo.zip\"><strong>stiahnu\u0165 <\/strong><\/a><strong><a href=\"https:\/\/ukazsvojuchemiu.sk\/wp-content\/uploads\/2024\/10\/svk_logo.zip\" target=\"_blank\" rel=\"noreferrer noopener\">logo<\/a><\/strong><a href=\"https:\/\/ukazsvojuchemiu.sk\/wp-content\/uploads\/2024\/10\/svk_logo.zip\"><strong> \u0160VK<\/strong><\/a>).<\/p>\n\n\n\n<p>The Student Scientific Conference at the aculty of Chemical and Food Technology STU in Bratislava has a long tradition, whose roots date back to 1967. Since 1999, the Student Scientific Conference at FCHPT STU has been organized as a national student scientific conference in the field of chemistry and chemical and food technology with the participation of students from various universities in Slovakia. Since 2003, students from the Czech Republic regularly participate in the conference.<\/p>\n\n\n\n<p>Since 2024, the proceedings have also been available at <a href=\"https:\/\/zenodo.org\/communities\/ukazsvojuchemiu\/\"><strong>ZENODO<\/strong><\/a> with their own DOI.<\/p>\n\n\n\n<h4 class=\"wp-block-heading\"><strong>27. Student Scientific Conference with International Participation 2025 \u2013&nbsp;<em>Chemistry and technology for life&nbsp;<\/em><\/strong>(<em>content is continuously updated<\/em>)<\/h4>\n\n\n\n<ul class=\"wp-block-list\">\n<li><a href=\"https:\/\/doi.org\/10.5281\/zenodo.17512698\">electronic version of the proceedings<\/a><\/li>\n\n\n\n<li><a href=\"https:\/\/ukazsvojuchemiu.sk\/wp-content\/uploads\/2026\/05\/Program_2025_mailova_verzia.pdf\">elektronick\u00fd program konferencie<\/a><\/li>\n\n\n\n<li><a href=\"https:\/\/ukazsvojuchemiu.sk\/wp-content\/uploads\/2026\/05\/Program_2025_tlacena_verzia_znacky.pdf\">tla\u010den\u00fd program konferencie<\/a><\/li>\n\n\n\n<li><a href=\"https:\/\/youtu.be\/BTdFbpvuFOs\">video<\/a><\/li>\n\n\n\n<li><a href=\"https:\/\/www.fchpt.stuba.sk\/sk\/informacie-pre-studentov\/fotogalerie\/27.-celoslovenska-studentska-vedecka-konferencia-26.11.2025.html?page_id=5583\" target=\"_blank\" rel=\"noreferrer noopener\">fotografie<\/a><\/li>\n\n\n\n<li><a href=\"https:\/\/ukazsvojuchemiu.sk\/wp-content\/uploads\/2025\/10\/svk_2025_letak.pdf\">flyer<\/a><\/li>\n\n\n\n<li>basic information<\/li>\n\n\n\n<li>poster section<\/li>\n\n\n\n<li>agenda for presenting papers<\/li>\n\n\n\n<li>results<\/li>\n\n\n\n<li>partners<\/li>\n\n\n\n<li>information for partners<\/li>\n\n\n\n<li>accompanying program<\/li>\n\n\n\n<li><a href=\"https:\/\/vedanadosah.cvtisr.sk\/podujatie\/svk-2025-chemia-a-technologie-pre-zivot\/\">portal calendar Veda na Dosah<\/a><\/li>\n\n\n\n<li><a href=\"https:\/\/www.facebook.com\/events\/1343799263851479\">conference event on Facebook<\/a><\/li>\n\n\n\n<li><a href=\"https:\/\/www.instagram.com\/chemia_a_technologie_pre_zivot\/\">conference on Instagram<\/a><\/li>\n\n\n\n<li><a href=\"https:\/\/www.teraz.sk\/najnovsie\/mladi-vyskumnici-predstavia-projekty\/923301-clanok.html\">Tla\u010dov\u00e1 spr\u00e1va TASR<\/a><\/li>\n<\/ul>\n\n\n\n<h4 class=\"wp-block-heading\"><strong>26. Student Scientific Conference with International Participation 2024 \u2013&nbsp;<em>Chemistry and technology for life<\/em><\/strong><\/h4>\n\n\n\n<ul class=\"wp-block-list\">\n<li><a href=\"https:\/\/www.uiam.sk\/~oravec\/svk\/e_zbornik_svk_2024.pdf\">electronic version of the proceedings<\/a><\/li>\n\n\n\n<li><a href=\"https:\/\/drive.google.com\/file\/d\/1wy1iZQTA0grMbwbrygn1eI92Szo1cbor\/view\">elektronick\u00fd program konferencie<\/a><\/li>\n\n\n\n<li><a href=\"https:\/\/drive.google.com\/file\/d\/1WZDFKX5QEL4UtxhXhOt_F4mbGhC8Btu7\/view\">tla\u010den\u00fd program konferencie<\/a><\/li>\n\n\n\n<li><a href=\"https:\/\/www.youtube.com\/watch?v=XLEmMwNANJo&amp;pp=ygUPdWthenN2b2p1Y2hlbWl1\">video<\/a><\/li>\n\n\n\n<li><a href=\"https:\/\/www.fchpt.stuba.sk\/sk\/informacie-pre-studentov\/fotogalerie\/26.-celoslovenska-studentska-vedecka-konferencia-20.11.2024.html?page_id=5413\">fotografie<\/a><\/li>\n\n\n\n<li><a href=\"https:\/\/svk.ukazsvojuchemiu.sk\/\">z\u00e1kladn\u00e9 <\/a><a href=\"https:\/\/svk2024.ukazsvojuchemiu.sk\/\">inform\u00e1cie<\/a><\/li>\n\n\n\n<li><a href=\"https:\/\/www.uiam.sk\/~oravec\/svk\/svk_2024.pdf\">flyer<\/a><\/li>\n\n\n\n<li><a href=\"https:\/\/svk2024.ukazsvojuchemiu.sk\/posterova-sekcia\/\">poster section<\/a><\/li>\n\n\n\n<li><a href=\"https:\/\/reg2024.ukazsvojuchemiu.sk\/programSVK.php\">agenda for presenting papers<\/a><\/li>\n\n\n\n<li><a href=\"https:\/\/reg2024.ukazsvojuchemiu.sk\/vysledkySVK.php\">results<\/a><\/li>\n\n\n\n<li><a href=\"https:\/\/svk2024.ukazsvojuchemiu.sk\/partneri\/\">partners<\/a><\/li>\n\n\n\n<li><a href=\"https:\/\/svk2024.ukazsvojuchemiu.sk\/pre-partnerov\/\" data-type=\"link\" data-id=\"https:\/\/svk.ukazsvojuchemiu.sk\/?q-informacie-pre-partnerov\" target=\"_blank\" rel=\"noreferrer noopener\">information for partners<\/a><\/li>\n\n\n\n<li><a href=\"https:\/\/svk2024.ukazsvojuchemiu.sk\/sprievodny-program\" data-type=\"link\" data-id=\"https:\/\/svk.ukazsvojuchemiu.sk\/sprievodny-program\/\">accompanying program<\/a><\/li>\n\n\n\n<li><a href=\"https:\/\/vedanadosah.cvtisr.sk\/podujatie\/svk-2024-chemia-a-technologie-pre-zivot\/\">portal calendar Veda na Dosah<\/a><\/li>\n\n\n\n<li><a href=\"https:\/\/www.facebook.com\/svk.fchpt.stu\/\">conference event on Facebook<\/a><\/li>\n\n\n\n<li><a href=\"https:\/\/www.instagram.com\/chemia_a_technologie_pre_zivot\/\">conference on Instagram<\/a><\/li>\n<\/ul>\n\n\n\n<h4 class=\"wp-block-heading\"><strong>25. Student Scientific Conference with International Participation 2023 \u2013&nbsp;<em>Chemistry and technology for life<\/em><\/strong><\/h4>\n\n\n\n<ul class=\"wp-block-list\">\n<li><a href=\"https:\/\/www.uiam.sk\/~oravec\/svk\/e_zbornik_svk_2023.pdf\">electronic version of the proceedings<\/a><\/li>\n\n\n\n<li><a href=\"https:\/\/youtu.be\/Y5rHptdv7DY\">video<\/a><\/li>\n\n\n\n<li><a href=\"https:\/\/www.fchpt.stuba.sk\/sk\/informacie-pre-studentov\/fotogalerie\/25.-slovenska-studentska-vedecka-konferencia-22.11.2023.html?page_id=5306\">photos<\/a><\/li>\n\n\n\n<li><a href=\"https:\/\/svk.ukazsvojuchemiu.sk\/?q=svk-2023\" target=\"_blank\" rel=\"noreferrer noopener\">basic information<\/a><\/li>\n\n\n\n<li><a href=\"http:\/\/www.uiam.sk\/~oravec\/svk\/svk_2023.pdf\">flyer<\/a><\/li>\n\n\n\n<li><a href=\"https:\/\/svk.ukazsvojuchemiu.sk\/?q=svk-2023-posterova-sekcia\" target=\"_blank\" rel=\"noreferrer noopener\">poster section<\/a><\/li>\n\n\n\n<li><a href=\"https:\/\/registracia.ukazsvojuchemiu.sk\/programSVKArchiv.php?rok=2023\" target=\"_blank\" rel=\"noreferrer noopener\">agenda for presenting papers<\/a><\/li>\n\n\n\n<li><a href=\"https:\/\/registracia.ukazsvojuchemiu.sk\/vysledkySVKArchiv.php?rok=2023\">results<\/a><\/li>\n\n\n\n<li><a href=\"https:\/\/svk.ukazsvojuchemiu.sk\/?q=svk-2023-partneri\" target=\"_blank\" rel=\"noreferrer noopener\">partners<\/a><\/li>\n\n\n\n<li><a href=\"https:\/\/svk.ukazsvojuchemiu.sk\/?q=svk-2023-informacie-pre-partnerov\" target=\"_blank\" rel=\"noreferrer noopener\">information for partners<\/a><\/li>\n\n\n\n<li><a href=\"https:\/\/svk.ukazsvojuchemiu.sk\/?q=svk-2023-sprievodny-program\" target=\"_blank\" rel=\"noreferrer noopener\">accompanying program<\/a><\/li>\n\n\n\n<li><a href=\"https:\/\/www.facebook.com\/events\/1335325427064965\">Facebook event<\/a><\/li>\n\n\n\n<li><a href=\"https:\/\/vedanadosah.cvtisr.sk\/podujatie\/svk-2023-chemia-a-technologie-pre-zivot\/\">portal calendar Veda na Dosah<\/a><\/li>\n<\/ul>\n\n\n\n<h4 class=\"wp-block-heading\"><strong>24. Student Scientific Conference with International Participation 2022 \u2013&nbsp;<em>Chemistry and technology for life<\/em><\/strong><\/h4>\n\n\n\n<ul class=\"wp-block-list\">\n<li><a href=\"https:\/\/www.uiam.sk\/~oravec\/svk\/e_zbornik_svk_2022.pdf\">electronic version of the proceedings<\/a><\/li>\n\n\n\n<li><a href=\"https:\/\/youtu.be\/tTMG7bTcXkM\">video<\/a><\/li>\n\n\n\n<li><a href=\"https:\/\/www.fchpt.stuba.sk\/sk\/informacie-pre-studentov\/fotogalerie\/24.-slovenska-studentska-vedecka-konferencia-23.11.2022.html?page_id=5118\">photos<\/a><\/li>\n\n\n\n<li><a href=\"https:\/\/svk.ukazsvojuchemiu.sk\/?q=svk-2022\" target=\"_blank\" rel=\"noreferrer noopener\">basic information<\/a><\/li>\n\n\n\n<li><a href=\"http:\/\/www.uiam.sk\/~oravec\/svk\/svk_2022.pdf\">flyer<\/a><\/li>\n\n\n\n<li><a href=\"https:\/\/ukazsvojuchemiu.sk\/en\/?q=svk-2022-posterova-sekcia\">poster section<\/a><\/li>\n\n\n\n<li><a href=\"https:\/\/registracia.ukazsvojuchemiu.sk\/programSVKArchiv.php?rok=2022\" target=\"_blank\" rel=\"noreferrer noopener\">agenda for presenting papers<\/a><\/li>\n\n\n\n<li><a href=\"https:\/\/registracia.ukazsvojuchemiu.sk\/vysledkySVKArchiv.php?rok=2022\" target=\"_blank\" rel=\"noreferrer noopener\">results<\/a><\/li>\n\n\n\n<li><a href=\"https:\/\/svk.ukazsvojuchemiu.sk\/?q=svk-2022-partneri\" target=\"_blank\" rel=\"noreferrer noopener\">partners<\/a><\/li>\n\n\n\n<li><a href=\"https:\/\/svk.ukazsvojuchemiu.sk\/?q=svk-2022-informacie-pre-partnerov\" target=\"_blank\" rel=\"noreferrer noopener\">information for partners<\/a><\/li>\n\n\n\n<li><a href=\"https:\/\/svk.ukazsvojuchemiu.sk\/?q=svk-2022-sprievodny-program\" target=\"_blank\" rel=\"noreferrer noopener\">accompanying program<\/a><\/li>\n\n\n\n<li><a href=\"https:\/\/www.facebook.com\/events\/490037926309963\">Facebook event<\/a><\/li>\n<\/ul>\n\n\n\n<h4 class=\"wp-block-heading\"><strong>23. Student Scientific Conference with International Participation 2021 \u2013&nbsp;<em>Chemistry and technology for life<\/em><\/strong><\/h4>\n\n\n\n<ul class=\"wp-block-list\">\n<li><a href=\"https:\/\/www.uiam.sk\/~oravec\/svk\/e_zbornik_svk_2021.pdf\">electronic version of the proceedings<\/a><\/li>\n\n\n\n<li><a href=\"https:\/\/youtu.be\/o1u4EDlchKw?t=155\">video-recording of the live broadcast of the Ceremony of the announcement of the results<\/a><\/li>\n\n\n\n<li><a href=\"https:\/\/svk.ukazsvojuchemiu.sk\/?q=svk-2021\" target=\"_blank\" rel=\"noreferrer noopener\">basic information<\/a><\/li>\n\n\n\n<li><a href=\"http:\/\/www.uiam.sk\/~oravec\/svk\/svk_2021.pdf\">flyer<\/a><\/li>\n\n\n\n<li><a href=\"https:\/\/svk.ukazsvojuchemiu.sk\/?q=svk-2021-posterova-sekcia\" target=\"_blank\" rel=\"noreferrer noopener\">poster section<\/a><\/li>\n\n\n\n<li><a href=\"https:\/\/registracia.ukazsvojuchemiu.sk\/programSVKArchiv.php?rok=2021\">agenda for presenting papers<\/a><\/li>\n\n\n\n<li><a href=\"https:\/\/registracia.ukazsvojuchemiu.sk\/vysledkySVKArchiv.php?rok=2021\">results<\/a><\/li>\n\n\n\n<li><a href=\"https:\/\/svk.ukazsvojuchemiu.sk\/?q=svk-2021-partneri\" target=\"_blank\" rel=\"noreferrer noopener\">partners<\/a><\/li>\n\n\n\n<li><a href=\"https:\/\/svk.ukazsvojuchemiu.sk\/?q=svk-2021-informacie-pre-partnerov\" target=\"_blank\" rel=\"noreferrer noopener\">information for partners<\/a><\/li>\n\n\n\n<li><a href=\"https:\/\/svk.ukazsvojuchemiu.sk\/?q=svk-2021-sprievodny-program\" target=\"_blank\" rel=\"noreferrer noopener\">accompanying program<\/a><\/li>\n\n\n\n<li><a href=\"https:\/\/www.facebook.com\/events\/192642506172906\">Facebook event<\/a><\/li>\n\n\n\n<li><a href=\"https:\/\/svk.ukazsvojuchemiu.sk\/?q=svk-2021-zaverecna-sprava\" target=\"_blank\" rel=\"noreferrer noopener\">final report<\/a><\/li>\n<\/ul>\n\n\n\n<h4 class=\"wp-block-heading\"><strong>22. Student Scientific Conference with International Participation 2020 \u2013&nbsp;<em>Chemistry and technology for life<\/em><\/strong><\/h4>\n\n\n\n<ul class=\"wp-block-list\">\n<li><a href=\"https:\/\/www.uiam.sk\/~oravec\/svk\/e_zbornik_svk_2020.pdf\">electronic version of the proceedings<\/a><\/li>\n\n\n\n<li><a href=\"https:\/\/youtu.be\/VLVktPb6a3o\">video-recording of the live broadcast of the Ceremony of the announcement of the results<\/a><\/li>\n\n\n\n<li><a href=\"https:\/\/youtu.be\/ahzK6XH2wcU?list=PLXbAG0_r131X4Y7SErZ5fpVQ6eZCHQWI9A\">video invitation<\/a><\/li>\n\n\n\n<li><a href=\"https:\/\/svk.ukazsvojuchemiu.sk\/?q=svk-2020\" target=\"_blank\" rel=\"noreferrer noopener\">basic information<\/a><\/li>\n\n\n\n<li><a href=\"https:\/\/www.uiam.sk\/~oravec\/svk\/svk_2020.pdf\">flyer<\/a><\/li>\n\n\n\n<li><a href=\"https:\/\/www.uiam.sk\/~oravec\/svk\/svk_2020_poster.pdf\">poster section - flyer<\/a><\/li>\n\n\n\n<li><a href=\"https:\/\/svk.ukazsvojuchemiu.sk\/?q=svk-2020-posterova-sekcia\" target=\"_blank\" rel=\"noreferrer noopener\">poster section<\/a><\/li>\n\n\n\n<li><a href=\"https:\/\/registracia.ukazsvojuchemiu.sk\/programSVKArchiv.php?rok=2020\" target=\"_blank\" rel=\"noreferrer noopener\">agenda for presenting papers<\/a><\/li>\n\n\n\n<li><a href=\"https:\/\/registracia.ukazsvojuchemiu.sk\/vysledkySVKArchiv.php?rok=2020\" target=\"_blank\" rel=\"noreferrer noopener\">results<\/a><\/li>\n\n\n\n<li><a href=\"https:\/\/svk.ukazsvojuchemiu.sk\/?q=svk-2020-partneri\" target=\"_blank\" rel=\"noreferrer noopener\">partners<\/a><\/li>\n\n\n\n<li><a href=\"https:\/\/svk.ukazsvojuchemiu.sk\/?q=svk-2020-informacie-pre-sponzorov\" target=\"_blank\" rel=\"noreferrer noopener\">information for partners<\/a><\/li>\n\n\n\n<li><a href=\"https:\/\/www.fchpt.stuba.sk\/sk\/diani-na-fchpt\/aktuality\/studentska-vedecka-konferencia-s-medzinarodnou-ucastou.html?page_id=4444\">news on the faculty website<\/a><\/li>\n\n\n\n<li><a href=\"https:\/\/registracia.ukazsvojuchemiu.sk\/ucastniciSVKArchiv.php?rok=2020\" target=\"_blank\" rel=\"noreferrer noopener\">list of participants<\/a><\/li>\n\n\n\n<li><a href=\"https:\/\/www.facebook.com\/events\/904604516718146\">Facebook event<\/a><\/li>\n\n\n\n<li><a href=\"https:\/\/svk.ukazsvojuchemiu.sk\/?q=svk-2020-zaverecna-sprava\" target=\"_blank\" rel=\"noreferrer noopener\">final report<\/a><\/li>\n<\/ul>\n\n\n\n<h4 class=\"wp-block-heading\"><strong>21. Student Scientific Conference with International Participation 2019 \u2013&nbsp;<em>Chemistry and technology for life<\/em><\/strong><\/h4>\n\n\n\n<ul class=\"wp-block-list\">\n<li><a href=\"https:\/\/svk.ukazsvojuchemiu.sk\/?q=svk-2019\" target=\"_blank\" rel=\"noreferrer noopener\">basic information<\/a><\/li>\n\n\n\n<li><a href=\"https:\/\/youtu.be\/YdbmKAra46A\">video<\/a><\/li>\n\n\n\n<li><a href=\"https:\/\/www.fchpt.stuba.sk\/sk\/informacie-pre-studentov\/fotogalerie\/21.-slovenska-studentska-vedecka-konferencia-6.11.2019.html?page_id=4363\">fotografie<\/a><\/li>\n\n\n\n<li><a href=\"https:\/\/www.uiam.sk\/~oravec\/svk\/svk_2019.pdf\">flyer<\/a><\/li>\n\n\n\n<li><a href=\"https:\/\/www.uiam.sk\/~oravec\/svk\/svk_2019_program_print.pdf\">printed programme<\/a><\/li>\n\n\n\n<li><a href=\"https:\/\/registracia.ukazsvojuchemiu.sk\/programSVKArchiv.php?rok=2019\" target=\"_blank\" rel=\"noreferrer noopener\">agenda for presenting papers<\/a><\/li>\n\n\n\n<li><a href=\"https:\/\/registracia.ukazsvojuchemiu.sk\/vysledkySVKArchiv.php?rok=2019\" target=\"_blank\" rel=\"noreferrer noopener\">results<\/a><\/li>\n\n\n\n<li><a href=\"https:\/\/svk.ukazsvojuchemiu.sk\/?q=svk-2019-partneri-svk\" target=\"_blank\" rel=\"noreferrer noopener\">partners<\/a><\/li>\n\n\n\n<li><a href=\"https:\/\/svk.ukazsvojuchemiu.sk\/?q=svk-2019-informacie-pre-sponzorov\" target=\"_blank\" rel=\"noreferrer noopener\">information for partners<\/a><\/li>\n\n\n\n<li><a href=\"https:\/\/registracia.ukazsvojuchemiu.sk\/ucastniciSVKArchiv.php?rok=2019\" target=\"_blank\" rel=\"noreferrer noopener\">list of participants<\/a><\/li>\n\n\n\n<li><a href=\"https:\/\/www.uiam.sk\/~oravec\/svk\/e_zbornik_svk_2019.pdf\">electronic version of the proceedings<\/a><\/li>\n\n\n\n<li><a href=\"https:\/\/www.facebook.com\/events\/2281927175209329\">Facebook event<\/a><\/li>\n\n\n\n<li><a href=\"https:\/\/svk.ukazsvojuchemiu.sk\/?q=svk-2019-selfie-s-mendelejevom\" target=\"_blank\" rel=\"noreferrer noopener\">selfie s Mendelejevom<\/a><\/li>\n\n\n\n<li><a href=\"https:\/\/www.portalvs.sk\/sk\/konferencie-a-seminare\/zobrazit\/21-studentska-vedecka-konferencia-chemia-a-technologie-pre-zivot\">Port\u00e1l V\u0160 \u2013 conference<\/a><\/li>\n\n\n\n<li><a href=\"https:\/\/www.fchpt.stuba.sk\/sk\/diani-na-fchpt\/aktuality\/21.-studentska-vedecka-konferencia-na-fchpt.html?page_id=4325\">news on the faculty website<\/a><\/li>\n\n\n\n<li><a href=\"https:\/\/svk.ukazsvojuchemiu.sk\/?q=svk-2019-zaverecna-sprava\" target=\"_blank\" rel=\"noreferrer noopener\">final report<\/a><\/li>\n<\/ul>\n\n\n\n<h4 class=\"wp-block-heading\"><strong>20. celoslovensk\u00e1 \u0161tudentsk\u00e1 vedeck\u00e1 konferencia 2018 &#8211;&nbsp;<em>Chemistry and technology for life<\/em><\/strong><\/h4>\n\n\n\n<ul class=\"wp-block-list\">\n<li><a href=\"https:\/\/svk.ukazsvojuchemiu.sk\/?q=svk-2018\" target=\"_blank\" rel=\"noreferrer noopener\">basic information<\/a><\/li>\n\n\n\n<li><a href=\"https:\/\/www.uiam.sk\/~oravec\/svk\/svk_2018.pdf\">flyer<\/a><\/li>\n\n\n\n<li><a href=\"https:\/\/www.uiam.sk\/~oravec\/svk\/e_zbornik_svk_2018.pdf\">electronic version of the proceedings<\/a><\/li>\n\n\n\n<li><a href=\"https:\/\/registracia.ukazsvojuchemiu.sk\/vysledkySVKArchiv.php?rok=2018\" target=\"_blank\" rel=\"noreferrer noopener\">results<\/a><\/li>\n\n\n\n<li><a href=\"https:\/\/registracia.ukazsvojuchemiu.sk\/ucastniciSVKArchiv.php?rok=2018\" target=\"_blank\" rel=\"noreferrer noopener\">list of participants<\/a><\/li>\n\n\n\n<li><a href=\"https:\/\/registracia.ukazsvojuchemiu.sk\/programSVKArchiv.php?rok=2018\" target=\"_blank\" rel=\"noreferrer noopener\">agenda for presenting papers<\/a><\/li>\n\n\n\n<li><a href=\"https:\/\/svk.ukazsvojuchemiu.sk\/?q=svk-2018-zaverecna-sprava\" target=\"_blank\" rel=\"noreferrer noopener\">final report<\/a><\/li>\n<\/ul>\n\n\n\n<h4 class=\"wp-block-heading\"><strong>19. celoslovensk\u00e1 \u0161tudentsk\u00e1 vedeck\u00e1 konferencia 2017 &#8211;&nbsp;<em>Chemistry and technology for life<\/em><\/strong><\/h4>\n\n\n\n<ul class=\"wp-block-list\">\n<li><a href=\"https:\/\/svk.ukazsvojuchemiu.sk\/?q=svk-2017\" target=\"_blank\" rel=\"noreferrer noopener\">basic information<\/a><\/li>\n\n\n\n<li><a href=\"https:\/\/www.uiam.sk\/~oravec\/svk\/svk_2017.pdf\">flyer<\/a><\/li>\n\n\n\n<li><a href=\"https:\/\/www.uiam.sk\/~oravec\/svk\/e_zbornik_svk_2017.pdf\">electronic version of the proceedings<\/a><\/li>\n\n\n\n<li><a href=\"https:\/\/registracia.ukazsvojuchemiu.sk\/vysledkySVKArchiv.php?rok=2017\" target=\"_blank\" rel=\"noreferrer noopener\">results<\/a><\/li>\n\n\n\n<li><a href=\"https:\/\/registracia.ukazsvojuchemiu.sk\/ucastniciSVKArchiv.php?rok=2017\" target=\"_blank\" rel=\"noreferrer noopener\">list of participants<\/a><\/li>\n\n\n\n<li><a href=\"https:\/\/registracia.ukazsvojuchemiu.sk\/programSVKArchiv.php?rok=2017\" target=\"_blank\" rel=\"noreferrer noopener\">agenda for presenting papers<\/a><\/li>\n\n\n\n<li><a href=\"https:\/\/svk.ukazsvojuchemiu.sk\/?q=svk-2017-zaverecna-sprava\" target=\"_blank\" rel=\"noreferrer noopener\">final report<\/a><\/li>\n<\/ul>\n\n\n\n<h4 class=\"wp-block-heading\"><strong>18. celoslovensk\u00e1&nbsp;\u0161tudentsk\u00e1&nbsp;vedeck\u00e1&nbsp;konferencia&nbsp;2016 &#8211;&nbsp;<em>Chemistry and technology for life<\/em><\/strong><\/h4>\n\n\n\n<ul class=\"wp-block-list\">\n<li><a href=\"https:\/\/svk.ukazsvojuchemiu.sk\/?q=svk-2016\" target=\"_blank\" rel=\"noreferrer noopener\">basic information<\/a><\/li>\n\n\n\n<li><a href=\"https:\/\/www.uiam.sk\/~oravec\/svk\/svk_2016.pdf\">flyer<\/a><\/li>\n\n\n\n<li><a href=\"https:\/\/www.uiam.sk\/~oravec\/svk\/e_zbornik_svk_2016.pdf\">electronic version of the proceedings<\/a><\/li>\n\n\n\n<li><a href=\"https:\/\/svk.ukazsvojuchemiu.sk\/?q=svk-2016-vysledky\" target=\"_blank\" rel=\"noreferrer noopener\">results<\/a><\/li>\n\n\n\n<li><a href=\"http:\/\/www.fchpt.stuba.sk\/sk\/informacie-pre-studentov\/fotogalerie\/18.-slovenska-studentska-vedecka-konferencia-9.11.2016.html?page_id=4012\">fotografie<\/a><\/li>\n\n\n\n<li><a href=\"https:\/\/svk.ukazsvojuchemiu.sk\/?q=svk-2016-program\" target=\"_blank\" rel=\"noreferrer noopener\">agenda for presenting papers<\/a><\/li>\n\n\n\n<li><a href=\"https:\/\/svk.ukazsvojuchemiu.sk\/?q=svk-2016-zaverecna-sprava\" target=\"_blank\" rel=\"noreferrer noopener\">final report<\/a><\/li>\n<\/ul>\n\n\n\n<h4 class=\"wp-block-heading\"><strong>17. celoslovensk\u00e1&nbsp;\u0161tudentsk\u00e1&nbsp;vedeck\u00e1&nbsp;konferencia&nbsp;2015 &#8211;&nbsp;<em>Chemistry and technology for life<\/em><\/strong><\/h4>\n\n\n\n<ul class=\"wp-block-list\">\n<li><a href=\"https:\/\/svk.ukazsvojuchemiu.sk\/?q=svk-2015\" target=\"_blank\" rel=\"noreferrer noopener\">basic information<\/a><\/li>\n\n\n\n<li><a href=\"https:\/\/www.uiam.sk\/~oravec\/svk\/svk_2015.pdf\">flyer<\/a><\/li>\n\n\n\n<li><a href=\"https:\/\/www.uiam.sk\/~oravec\/svk\/e_zbornik_svk_2015.pdf\">electronic version of the proceedings<\/a><\/li>\n\n\n\n<li><a href=\"https:\/\/svk.ukazsvojuchemiu.sk\/?q=svk-2015-vysledky\" target=\"_blank\" rel=\"noreferrer noopener\">results<\/a><\/li>\n\n\n\n<li><a href=\"http:\/\/www.fchpt.stuba.sk\/sk\/informacie-pre-studentov\/fotogalerie\/17.-slovenska-studentska-vedecka-konferencia-11.11.2015.html?page_id=3632\">fotografie<\/a><\/li>\n\n\n\n<li><a href=\"https:\/\/svk.ukazsvojuchemiu.sk\/?q=svk-2015-program\" target=\"_blank\" rel=\"noreferrer noopener\">agenda for presenting papers<\/a><\/li>\n\n\n\n<li><a href=\"https:\/\/svk.ukazsvojuchemiu.sk\/?q=svk-2015-zaverecna-sprava\" target=\"_blank\" rel=\"noreferrer noopener\">final report<\/a><\/li>\n<\/ul>\n\n\n\n<h4 class=\"wp-block-heading\"><strong>16.&nbsp;slovensk\u00e1&nbsp;\u0161tudentsk\u00e1&nbsp;vedeck\u00e1&nbsp;konferencia&nbsp;2014<\/strong><\/h4>\n\n\n\n<ul class=\"wp-block-list\">\n<li><a href=\"https:\/\/svk.ukazsvojuchemiu.sk\/?q=svk-2014\" target=\"_blank\" rel=\"noreferrer noopener\">basic information<\/a><\/li>\n\n\n\n<li><a href=\"https:\/\/www.uiam.sk\/~oravec\/svk\/svk_2014.pdf\">flyer<\/a><\/li>\n\n\n\n<li><a href=\"https:\/\/svk.ukazsvojuchemiu.sk\/?q=svk-2014-vysledky\" target=\"_blank\" rel=\"noreferrer noopener\">results<\/a><\/li>\n\n\n\n<li><a href=\"http:\/\/www.fchpt.stuba.sk\/sk\/informacie-pre-studentov\/fotogalerie\/16.-slovenska-studentska-vedecka-konferencia-12.11.2014.html?page_id=3558\">fotografie&nbsp;(foto:&nbsp;Jambor)<\/a><\/li>\n\n\n\n<li><a href=\"https:\/\/svk.ukazsvojuchemiu.sk\/?q=svk-2014-program\" target=\"_blank\" rel=\"noreferrer noopener\">agenda for presenting papers<\/a><\/li>\n\n\n\n<li><a href=\"https:\/\/svk.ukazsvojuchemiu.sk\/?q=svk-2014-prispevky\" target=\"_blank\" rel=\"noreferrer noopener\">zoznam zaregistrovan\u00fdch \u00fa\u010dastn\u00edkov<\/a><\/li>\n\n\n\n<li><a href=\"https:\/\/svk.ukazsvojuchemiu.sk\/?q=svk-2014-zaverecna-sprava\" target=\"_blank\" rel=\"noreferrer noopener\">final report<\/a><\/li>\n<\/ul>\n\n\n\n<h4 class=\"wp-block-heading\"><strong>15.&nbsp;slovensk\u00e1 \u0161tudentsk\u00e1 vedeck\u00e1 konferencia 2013<\/strong><\/h4>\n\n\n\n<ul class=\"wp-block-list\">\n<li><a href=\"http:\/\/www.fchpt.stuba.sk\/sk\/informacie-pre-studentov\/fotogalerie\/15.-slovenska-studentska-vedecka-konferencia-ii-13.11.2013.html?page_id=3349\">fotografie z rokovania v sekci\u00e1ch (foto: Jambor)<\/a><\/li>\n\n\n\n<li><a href=\"http:\/\/www.fchpt.stuba.sk\/sk\/informacie-pre-studentov\/fotogalerie\/15.-slovenska-studentska-vedecka-konferencia-13.11.2013.html?page_id=3338\">fotografie z vyhl\u00e1senia v\u00fdsledkov (foto: Hergovitz)<\/a><\/li>\n\n\n\n<li><a href=\"https:\/\/svk.ukazsvojuchemiu.sk\/?q=svk-2013-zaverecna-sprava\" target=\"_blank\" rel=\"noreferrer noopener\">final report<\/a><\/li>\n<\/ul>\n\n\n\n<h4 class=\"wp-block-heading\"><strong>14.&nbsp;slovensk\u00e1 \u0161tudentsk\u00e1 vedeck\u00e1 konferencia 2012<\/strong><\/h4>\n\n\n\n<ul class=\"wp-block-list\">\n<li><a href=\"http:\/\/www.fchpt.stuba.sk\/sk\/informacie-pre-studentov\/fotogalerie\/14.-slovenska-studentska-vedecka-konferencia-14.11.2012.html?page_id=3157\">fotografie z rokovania v sekci\u00e1ch (foto: Hergovits)<\/a><\/li>\n\n\n\n<li><a href=\"http:\/\/www.fchpt.stuba.sk\/sk\/informacie-pre-studentov\/fotogalerie\/14.-slovenska-studentska-vedecka-konferencia-ii-14.11.2012.html?page_id=3164\">fotografie z vyhl\u00e1senia v\u00fdsledkov (foto: Hergovits)<\/a><\/li>\n\n\n\n<li><a href=\"https:\/\/svk.ukazsvojuchemiu.sk\/?q=svk-2012-zaverecna-sprava\" target=\"_blank\" rel=\"noreferrer noopener\">final report<\/a><\/li>\n<\/ul>\n\n\n\n<h4 class=\"wp-block-heading\"><strong>13.&nbsp;slovensk\u00e1 \u0161tudentsk\u00e1 vedeck\u00e1 konferencia 2011<\/strong><\/h4>\n\n\n\n<ul class=\"wp-block-list\">\n<li><a href=\"http:\/\/&lt;h2&gt;Anorganick\u00e1 ch\u00e9mia:&lt;\/h2&gt;  1. Jana Nevoralov\u00e1&lt;br \/&gt; 2. Marek Machata&lt;br \/&gt; 2. Luk\u00e1\u0161 Petra&lt;br \/&gt; 4. Vladim\u00edr Kuchtan\u00edn&lt;br \/&gt; 5. J\u00e1n Goru\u0161ka&lt;br \/&gt; Lucia Pivar\u010diov\u00e1&lt;br \/&gt; Adri\u00e1n Kraj\u0148\u00e1k&lt;br \/&gt; Pavol Such\u00e1nek&lt;br \/&gt; Petra Mas\u00e1rov\u00e1&lt;br \/&gt; Luk\u00e1\u0161 Pog\u00e1ny  &lt;h2&gt;Organick\u00e1 ch\u00e9mia:&lt;\/h2&gt;  1. Daniela Cintulov\u00e1&lt;br \/&gt; 2. Bc. Sl\u00e1vka \u010eurk\u00e1\u010dov\u00e1&lt;br \/&gt; 3. Bc. J\u00falia \u010curillov\u00e1&lt;br \/&gt; 4. Bc. Boris Stanko&lt;br \/&gt; 5. Bc. Sergej Karel&lt;br \/&gt; Mat\u00fa\u0161 Zemli\u010dka&lt;br \/&gt; Bc. Tom\u00e1\u0161 Lacek&lt;br \/&gt; Bc. Kate\u0159ina Hlav\u00e1\u010dkov\u00e1&lt;br \/&gt; Bc. Jergu\u0161 Mitter&lt;br \/&gt; Bc. Be\u00e1ta Kandrikov\u00e1&lt;br \/&gt; Bc. Ladislav Androvi\u010d&lt;br \/&gt; Bc. Alexandra Filipov\u00e1  &lt;h2&gt;Analytick\u00e1 ch\u00e9mia l&lt;\/h2&gt;  1. Bc. Jozef Sochr&lt;br \/&gt; 2. Bc. Milan Lib\u00e1nsk\u00fd&lt;br \/&gt; 3. Bc. \u013dubom\u00edr Machy\u0148\u00e1k&lt;br \/&gt; 4. Bc. Andrea H\u00e1jkov\u00e1&lt;br \/&gt; 5. Bc. Jana Svitkov\u00e1 Eva Hor\u00e1kov\u00e1&lt;br \/&gt; Jan D\u00e9d\u00edk  &lt;h2&gt;Analytick\u00e1 ch\u00e9mia II&lt;\/h2&gt;  1. Bc. Roman Pol\u00e1\u010dek&lt;br \/&gt; 2. Bc. Veronika Ur\u00ed\u010dkov\u00e1&lt;br \/&gt; 3. Bc. Petra Such\u00e1nkov\u00e1&lt;br \/&gt; 4. Bc. Michaela Tomkov\u00e1&lt;br \/&gt; 5. Bc. Katar\u00edna \u0160vihlov\u00e1&lt;br \/&gt; Jarmila L\u00e1talov\u00e1  &lt;h2&gt;Analytick\u00e1 ch\u00e9mia III&lt;\/h2&gt;  1. Bc. Michal Stup\u00e1k&lt;br \/&gt; 2. Bc. Jakub Morav\u010d\u00edk&lt;br \/&gt; 3. Bc. Andrea Spevak&lt;br \/&gt; 4. Bc. Katar\u00edna Maky\u0161ov\u00e1&lt;br \/&gt; 4. Bc. Zuzana Podmanick\u00e1&lt;br \/&gt; 5. Bc. Martin Tuharsk\u00fd  &lt;h2&gt;Riadenie procesov I&lt;\/h2&gt;  1. Bc. Juraj Holaza&lt;br \/&gt; 2. Bc. B\u00e1lint Tak\u00e1cs&lt;br \/&gt; 3. Pavol \u010eurina + Rudolf Hal\u00e1s&lt;br \/&gt; 4. Bc. Martina \u0160vecov\u00e1&lt;br \/&gt; 5. Bc. ivan Juriga&lt;br \/&gt; J\u00e1n Drgo\u0148a&lt;br \/&gt; Korn\u00e9lia \u010cern\u00e1  &lt;h2&gt;Riadenie procesov II&lt;\/h2&gt;  1. Bc. Juraj Malini\u010d&lt;br \/&gt; 2. Bc. Adam Baluch&lt;br \/&gt; 3. Bc. J\u00e1n Pa\u010desa&lt;br \/&gt; 4. Bc. Katar\u00edna Bug\u00e1rov\u00e1&lt;br \/&gt; 5. Libu\u0161a Vallov\u00e1, Pavol Rafael&lt;br \/&gt; Milan \u0160ug\u00e1r&lt;br \/&gt; Katar\u00edna Peterkov\u00e1  &lt;h2&gt;V\u00fd\u017eiva a hodnotenie potrav\u00edn (Chemicko-analytick\u00e9 met\u00f3dy v potravin\u00e1rstve)&lt;\/h2&gt;  1. Bc. Livia \u017dofajov\u00e1&lt;br \/&gt; 2. Bc. Marie Fenclov\u00e1&lt;br \/&gt; 3. Bc. Milo Bystrick\u00fd&lt;br \/&gt; 4. Bc. Zuzana Jan\u0161\u00e1kov\u00e1&lt;br \/&gt; 5. Bc. Martina I\u0161tvancov\u00e1&lt;br \/&gt; Elena Potock\u00e1&lt;br \/&gt; Jana Ballekov\u00e1&lt;br \/&gt; J\u00falia \u0160tofirov\u00e1&lt;br \/&gt;  &lt;h2&gt; V\u00fd\u017eiva a hodnotenie potrav\u00edn II (Mikrobiologick\u00e9 a biologic\u00ack\u00e9 v potravin\u00e1rstve a zdravie \u010dloveka)&lt;\/h2&gt;  1. Bc. Kamila \u0160melkov\u00e1&lt;br \/&gt; 2. Bc. Miroslava Bobekov\u00e1&lt;br \/&gt; 3. Bc. \u0139udmila Klukov\u00e1&lt;br \/&gt; 4. Bc. Elena Je\u017eov\u00e1&lt;br \/&gt; 5. Bc. Petra Polakovi\u010dov\u00e1&lt;br \/&gt; Veronika Han\u00e1kov\u00e1  &lt;h2&gt;Potravin\u00e1rska a kozmetick\u00e1 technol\u00f3gia&lt;\/h2&gt;  1. Bc. Petronela Iglar\u010d\u00edkov\u00e1 + Bc. Miriam \u0160nircov\u00e1&lt;br \/&gt; 2. Bc. Dominika Kubicov\u00e1&lt;br \/&gt; 3. Bc. Lucia C\u00edbikov\u00e1&lt;br \/&gt; Bc. Monika Kov\u00e1\u010dov\u00e1&lt;br \/&gt; 5. Bc. Veronika Luck\u00e1&lt;br \/&gt; Ondrej H\u00edre\u0161  &lt;h2&gt;Anorganick\u00e1 technol\u00f3gia materi\u00e1ly&lt;\/h2&gt;  1. Bc. Mat\u00fa\u0161 Kop\u010da&lt;br \/&gt; 2. Bc. Ji\u0155\u00ed Petr&lt;br \/&gt; 3. Bc. Iveta \u0160edov\u00e1&lt;br \/&gt; 4. Bc. Tom\u00e1\u0161 Foltinovi\u010d&lt;br \/&gt; 5. Bc. Andrea Kraj\u010d\u00edkov\u00e1&lt;br \/&gt; Aneta Burkovi\u010dov\u00e1&lt;br \/&gt; Vlastimil B\u00edlek Petr Kos\u00e1r&lt;br \/&gt; Milo\u0161 Br\u0161t\u00e1k&lt;br \/&gt; J\u00e1n Sz\u00fanyogh&lt;br \/&gt; Tom\u00e1\u0161 Ch\u00e1ra  &lt;h2&gt;Organick\u00e1 technol\u00f3gia&lt;\/h2&gt;  1. Veronika Hergelov\u00e1&lt;br \/&gt; 2. Maro\u0161 \u0160pirko&lt;br \/&gt; 3. Pavol Karas&lt;br \/&gt; 4. Luk\u00e1\u0161 Hrdli\u010dka&lt;br \/&gt; 5. \u0160tefan Klim\u010do&lt;br \/&gt; Eva Deve\u010dkov\u00e1&lt;br \/&gt; Anton Ladeck\u00fd&lt;br \/&gt; \u0160imon \u0160pirek  &lt;h2&gt;Jazykov\u00e1 sekcia&lt;\/h2&gt;  1. Du\u0161an Ondri\u0161&lt;br \/&gt; 2. Martina Stankov\u00e1&lt;br \/&gt; 3. Martin Prostredn\u00fd&lt;br \/&gt; 4. Lucia Gharwalov\u00e1&lt;br \/&gt; 5. Pavol Gabaj&lt;br \/&gt; Martina Rep\u010d\u00edkov\u00e1&lt;br \/&gt; Jana Ka\u010dm\u00e1rov\u00e1&lt;br \/&gt; M\u00e1ria Kov\u00e1csov\u00e1&lt;br \/&gt; D\u00e1vid Karim Aziz&lt;br \/&gt; Katar\u00edna Tom\u0161\u00edkov\u00e1&lt;br \/&gt; Daniela Luk\u00e1\u010dov\u00e1&lt;br \/&gt; Eva Pu\u0161k\u00e1\u0161ov\u00e1&lt;br \/&gt; Marek Laluha&lt;br \/&gt; J\u00e1n Matya\u0161ovsk\u00fd a Zuzana Barbu\u0161\u010d\u00e1kov\u00e1&lt;br \/&gt; Anna Medvidov\u00e1&lt;br \/&gt; Dominika Jur\u00edkov\u00e1&lt;br \/&gt; Dominika Gogov\u00e1&lt;br \/&gt; Tom\u00e1\u0161 Tk\u00e1\u010d  &lt;h2&gt;Drevo, papier, polygrafia a fotoch\u00e9mia&lt;\/h2&gt;  1. Bc. Alexandra Sl\u00e1dkov\u00e1&lt;br \/&gt; 2. Bc. Gergely M\u00e9sz\u00e1ros&lt;br \/&gt; 3. Bc. Martina Lepi\u010dov\u00e1&lt;br \/&gt; 4. Bc. Kate\u0159ina Sekerov\u00e1&lt;br \/&gt; 5. Michal Oravec&lt;br \/&gt; Bc. Tom\u00e1\u0161 Brablc&lt;br \/&gt; Bc. Peter Gabovi\u010d&lt;br \/&gt; Bc. M\u00e1ria Matov\u010d\u00edkov\u00e1  &lt;h2&gt;Fyzik\u00e1lna ch\u00e9mia a chemick\u00e1 fyzika&lt;\/h2&gt;  1. Bc. Jaroslav Koc\u00edk&lt;br \/&gt; 2. Bc. Jaroslav Kuli\u010dek&lt;br \/&gt; 3. Bc. Sandra Dorot\u00edkov\u00e1&lt;br \/&gt; 4. Bc. Peter Poliak&lt;br \/&gt; 5. Bc. Jozef Lietava&lt;br \/&gt; Bc. Silvia Len\u00edkov\u00e1  &lt;h2&gt;Biochemick\u00e1 technol\u00f3gia l&lt;\/h2&gt;  1. Bc. Krist\u00edna Marko\u0161ov\u00e1&lt;br \/&gt; 2. Bc. Silvia Toko\u0161ov\u00e1&lt;br \/&gt; 3. Bc. Denisa Partelov\u00e1&lt;br \/&gt; 4. Bc. Katar\u00edna L\u00e1szlov\u00e1&lt;br \/&gt; 5. Bc. Miroslava Bachrat\u00e1&lt;br \/&gt; Simon Gy\u00f3rgy&lt;br \/&gt; Peter Bake\u0161&lt;br \/&gt; Magdal\u00e9na \u0160amajov\u00e1  &lt;h2&gt;Biochemick\u00e1 technol\u00f3gia II&lt;\/h2&gt;  1. Bc. Krist\u00edna M\u00e1nikov\u00e1&lt;br \/&gt; 2. Bc. Klaudia P\u00e1kozdiov\u00e1&lt;br \/&gt; 3. Bc. Lucia Jur\u00ed\u010dkov\u00e1&lt;br \/&gt; 4. Bc. Richard Stiller&lt;br \/&gt; 5. Bc. Vladim\u00edr Kras\u0148an&lt;br \/&gt; Bc. Iveta Hole\u010dkov\u00e1&lt;br \/&gt; Bc. Andr\u00e1s Hushegyi  &lt;h2&gt;Bioch\u00e9mia a mikrobiol\u00f3gia&lt;\/h2&gt;  1. Bc. Pavel Abaffy&lt;br \/&gt; 2. Bc. Denisa Ol\u0161ovsk\u00e1&lt;br \/&gt; 3. Bc. Monika Bazelov\u00e1&lt;br \/&gt; 4. Bc. Peter Ke\u0161a&lt;br \/&gt; 5. Bc. Anna Pan\u00e1kov\u00e1&lt;br \/&gt; Bc. J\u00e1n \u0160kor\u00edk&lt;br \/&gt; Bc. Alena Koc\u00farkov\u00e1  &lt;h2&gt;Ekonomika a mana\u017ement podnikov&lt;\/h2&gt;  1. Bc. Juraj Vika&lt;br \/&gt; 2. Lenka \u0160eve\u010dkov\u00e1&lt;br \/&gt; 3. J\u00e1n Bucko + Simon Somsed\u00edk&lt;br \/&gt; 4. Bc. Magdal\u00e9na \u0160k\u00fatov\u00e1&lt;br \/&gt; 5. Bc. R\u00e9ka Czilling&lt;br \/&gt; Petra Kuk\u00f3ov\u00e1&lt;br \/&gt; Alexandra Bujnov\u00e1\">results<\/a><\/li>\n\n\n\n<li><a href=\"https:\/\/svk.ukazsvojuchemiu.sk\/?q=svk-2011-zaverecna-sprava\" target=\"_blank\" rel=\"noreferrer noopener\">final report<\/a><\/li>\n<\/ul>\n\n\n\n<h4 class=\"wp-block-heading\"><strong>12.&nbsp;slovensk\u00e1 \u0161tudentsk\u00e1 vedeck\u00e1 konferencia 2010<\/strong><\/h4>\n\n\n\n<ul class=\"wp-block-list\">\n<li><a href=\"https:\/\/svk.ukazsvojuchemiu.sk\/?q=svk-2010-zaverecna-sprava\" target=\"_blank\" rel=\"noreferrer noopener\">final report<\/a><\/li>\n<\/ul>\n\n\n\n<h4 class=\"wp-block-heading\"><strong>11.&nbsp;slovensk\u00e1 \u0161tudentsk\u00e1 vedeck\u00e1 konferencia 2009<\/strong><\/h4>\n\n\n\n<ul class=\"wp-block-list\">\n<li><a href=\"https:\/\/svk.ukazsvojuchemiu.sk\/?q=svk-2009-zaverecna-sprava\" target=\"_blank\" rel=\"noreferrer noopener\">final report<\/a><\/li>\n<\/ul>\n\n\n\n<h4 class=\"wp-block-heading\"><strong>10.&nbsp;slovensk\u00e1 \u0161tudentsk\u00e1 vedeck\u00e1 konferencia 2008<\/strong><\/h4>\n\n\n\n<ul class=\"wp-block-list\">\n<li><a href=\"https:\/\/www.fchpt.stuba.sk\/sk\/diani-na-fchpt\/aktuality\/10.-studentska-vedecka-konferencia-vodbore-chemie-a-chemickej-a-potravinarskej-technologie.html?page_id=2091\">news on the faculty website<\/a><\/li>\n\n\n\n<li><a href=\"https:\/\/svk.ukazsvojuchemiu.sk\/?q=svk-2008-vysledky\" target=\"_blank\" rel=\"noreferrer noopener\">results<\/a><\/li>\n\n\n\n<li><a href=\"https:\/\/svk.ukazsvojuchemiu.sk\/?q=svk-2008-zaverecna-sprava\" target=\"_blank\" rel=\"noreferrer noopener\">final report<\/a><\/li>\n<\/ul>\n\n\n\n<h4 class=\"wp-block-heading\"><strong>9.&nbsp;slovensk\u00e1 \u0161tudentsk\u00e1 vedeck\u00e1 konferencia 2007<\/strong><\/h4>\n\n\n\n<ul class=\"wp-block-list\">\n<li>Celo\u0161t\u00e1tna konferencia s medzin\u00e1rodnou \u00fa\u010das\u0165ou<\/li>\n\n\n\n<li>D\u00e1tum konania: 14.11.2007<\/li>\n\n\n\n<li>Celkov\u00fd po\u010det \u0161tudentov: 147<\/li>\n\n\n\n<li>Po\u010det \u0161tudentov z in\u00fdch fak\u00falt: 38<\/li>\n\n\n\n<li>Po\u010det pr\u00e1c: 143<\/li>\n\n\n\n<li>Po\u010det sekci\u00ed: 19<\/li>\n\n\n\n<li><a href=\"https:\/\/svk.ukazsvojuchemiu.sk\/?q=svk-2007-vysledky\" target=\"_blank\" rel=\"noreferrer noopener\">results<\/a><\/li>\n<\/ul>\n\n\n\n<h4 class=\"wp-block-heading\"><strong>8.&nbsp;slovensk\u00e1 \u0161tudentsk\u00e1 vedeck\u00e1 konferencia 2006<\/strong><\/h4>\n\n\n\n<ul class=\"wp-block-list\">\n<li>Celo\u0161t\u00e1tna konferencia s medzin\u00e1rodnou \u00fa\u010das\u0165ou<\/li>\n\n\n\n<li>D\u00e1tum konania: 15.11.2006<\/li>\n\n\n\n<li>Celkov\u00fd po\u010det \u0161tudentov: 159<\/li>\n\n\n\n<li>Po\u010det \u0161tudentov z in\u00fdch fak\u00falt: 27<\/li>\n\n\n\n<li>Po\u010det pr\u00e1c: 149<\/li>\n\n\n\n<li>Po\u010det sekci\u00ed: 18<\/li>\n<\/ul>\n\n\n\n<h4 class=\"wp-block-heading\"><strong>7.&nbsp;slovensk\u00e1 \u0161tudentsk\u00e1 vedeck\u00e1 konferencia 2005<\/strong><\/h4>\n\n\n\n<ul class=\"wp-block-list\">\n<li>Celo\u0161t\u00e1tna konferencia s medzin\u00e1rodnou \u00fa\u010das\u0165ou<\/li>\n\n\n\n<li>D\u00e1tum konania: 26.10.2005<\/li>\n\n\n\n<li>Celkov\u00fd po\u010det \u0161tudentov: 173<\/li>\n\n\n\n<li>Po\u010det \u0161tudentov z in\u00fdch fak\u00falt: 28<\/li>\n\n\n\n<li>Po\u010det pr\u00e1c: 168<\/li>\n\n\n\n<li>Po\u010det sekci\u00ed: 19<\/li>\n\n\n\n<li><a href=\"https:\/\/svk.ukazsvojuchemiu.sk\/?q=svk-2005-vysledky\" target=\"_blank\" rel=\"noreferrer noopener\">results<\/a><\/li>\n<\/ul>\n\n\n\n<h4 class=\"wp-block-heading\"><strong>6.&nbsp;slovensk\u00e1 \u0161tudentsk\u00e1 vedeck\u00e1 konferencia 2004<\/strong><\/h4>\n\n\n\n<ul class=\"wp-block-list\">\n<li>Celo\u0161t\u00e1tna konferencia s medzin\u00e1rodnou \u00fa\u010das\u0165ou<\/li>\n\n\n\n<li>D\u00e1tum konania: 20.10.2004<\/li>\n\n\n\n<li>Celkov\u00fd po\u010det \u0161tudentov: 190<\/li>\n\n\n\n<li>Po\u010det \u0161tudentov z in\u00fdch fak\u00falt: 19<\/li>\n\n\n\n<li>Po\u010det pr\u00e1c: 183<\/li>\n\n\n\n<li>Po\u010det sekci\u00ed: 20<\/li>\n\n\n\n<li><a href=\"https:\/\/svk.ukazsvojuchemiu.sk\/?q=svk-2004-vysledky\" target=\"_blank\" rel=\"noreferrer noopener\">results<\/a><\/li>\n<\/ul>\n\n\n\n<h4 class=\"wp-block-heading\"><strong>5.&nbsp;slovensk\u00e1 \u0161tudentsk\u00e1 vedeck\u00e1 konferencia 2003<\/strong><\/h4>\n\n\n\n<ul class=\"wp-block-list\">\n<li>Celo\u0161t\u00e1tna konferencia s medzin\u00e1rodnou \u00fa\u010das\u0165ou<\/li>\n\n\n\n<li>D\u00e1tum konania: 22.10.2003<\/li>\n\n\n\n<li>Celkov\u00fd po\u010det \u0161tudentov: 170<\/li>\n\n\n\n<li>Po\u010det \u0161tudentov z in\u00fdch fak\u00falt: 23<\/li>\n\n\n\n<li>Po\u010det pr\u00e1c: 163<\/li>\n\n\n\n<li>Po\u010det sekci\u00ed: 19<\/li>\n<\/ul>\n\n\n\n<h4 class=\"wp-block-heading\"><strong>4.&nbsp;slovensk\u00e1 \u0161tudentsk\u00e1 vedeck\u00e1 konferencia 2002<\/strong><\/h4>\n\n\n\n<ul class=\"wp-block-list\">\n<li>Celo\u0161t\u00e1tna konferencia<\/li>\n\n\n\n<li>D\u00e1tum konania: 16.10.2002<\/li>\n\n\n\n<li>Celkov\u00fd po\u010det \u0161tudentov: 156<\/li>\n\n\n\n<li>Po\u010det \u0161tudentov z in\u00fdch fak\u00falt: 27<\/li>\n\n\n\n<li>Po\u010det pr\u00e1c: 150<\/li>\n\n\n\n<li>Po\u010det sekci\u00ed: 17<\/li>\n<\/ul>\n\n\n\n<h4 class=\"wp-block-heading\"><strong>3.&nbsp;slovensk\u00e1 \u0161tudentsk\u00e1 vedeck\u00e1 konferencia 2001<\/strong><\/h4>\n\n\n\n<ul class=\"wp-block-list\">\n<li>Celo\u0161t\u00e1tna konferencia<\/li>\n\n\n\n<li>D\u00e1tum konania: 17.10.2001<\/li>\n\n\n\n<li>Celkov\u00fd po\u010det \u0161tudentov: 162<\/li>\n\n\n\n<li>Po\u010det \u0161tudentov z in\u00fdch fak\u00falt: 24<\/li>\n\n\n\n<li>Po\u010det pr\u00e1c: 153<\/li>\n\n\n\n<li>Po\u010det sekci\u00ed: 17<\/li>\n<\/ul>\n\n\n\n<h4 class=\"wp-block-heading\"><strong>2.&nbsp;slovensk\u00e1 \u0161tudentsk\u00e1 vedeck\u00e1 konferencia 2000<\/strong><\/h4>\n\n\n\n<ul class=\"wp-block-list\">\n<li>Celo\u0161t\u00e1tna konferencia<\/li>\n\n\n\n<li>D\u00e1tum konania: 17.10.2000<\/li>\n\n\n\n<li>Celkov\u00fd po\u010det \u0161tudentov: 169<\/li>\n\n\n\n<li>Po\u010det \u0161tudentov z in\u00fdch fak\u00falt: 21<\/li>\n\n\n\n<li>Po\u010det pr\u00e1c: 162<\/li>\n\n\n\n<li>Po\u010det sekci\u00ed: 16<\/li>\n<\/ul>\n\n\n\n<h4 class=\"wp-block-heading\"><strong>1.&nbsp;slovensk\u00e1 \u0161tudentsk\u00e1 vedeck\u00e1 konferencia 1999<\/strong><\/h4>\n\n\n\n<ul class=\"wp-block-list\">\n<li>Celo\u0161t\u00e1tna konferencia<\/li>\n\n\n\n<li>D\u00e1tum konania: 16.9.1999<\/li>\n\n\n\n<li>Celkov\u00fd po\u010det \u0161tudentov: 100<\/li>\n\n\n\n<li>Po\u010det \u0161tudentov z in\u00fdch fak\u00falt: 8<\/li>\n\n\n\n<li>Po\u010det pr\u00e1c: 97<\/li>\n\n\n\n<li>Po\u010det sekci\u00ed: 13<\/li>\n<\/ul>","protected":false},"excerpt":{"rendered":"<p>Na tejto str\u00e1nke s\u00fa dostupn\u00e9 fotografie z minul\u00fdch ro\u010dn\u00edkov \u0161tudentskej vedeckej konferencie s medzin\u00e1rodnou \u00fa\u010das\u0165ou, ako aj v\u00fdsledky, elektronick\u00e9 verzie zborn\u00edkov a ve\u013ea in\u00e9ho zauj\u00edmav\u00e9ho obsahu (tu si m\u00f4\u017eete&nbsp;stiahnu\u0165 logo \u0160VK). \u0160tudentsk\u00e1 vedeck\u00e1 konferencia (\u0160VK) na FCHPT STU v Bratislave m\u00e1 dlhoro\u010dn\u00fa trad\u00edciu, ktorej korene siahaj\u00fa a\u017e do roku 1967. [&hellip;]<\/p>\n","protected":false},"author":1,"featured_media":0,"parent":0,"menu_order":0,"comment_status":"closed","ping_status":"closed","template":"","meta":{"footnotes":""},"class_list":["post-169","page","type-page","status-publish","hentry"],"_links":{"self":[{"href":"https:\/\/ukazsvojuchemiu.sk\/en\/wp-json\/wp\/v2\/pages\/169","targetHints":{"allow":["GET"]}}],"collection":[{"href":"https:\/\/ukazsvojuchemiu.sk\/en\/wp-json\/wp\/v2\/pages"}],"about":[{"href":"https:\/\/ukazsvojuchemiu.sk\/en\/wp-json\/wp\/v2\/types\/page"}],"author":[{"embeddable":true,"href":"https:\/\/ukazsvojuchemiu.sk\/en\/wp-json\/wp\/v2\/users\/1"}],"replies":[{"embeddable":true,"href":"https:\/\/ukazsvojuchemiu.sk\/en\/wp-json\/wp\/v2\/comments?post=169"}],"version-history":[{"count":6,"href":"https:\/\/ukazsvojuchemiu.sk\/en\/wp-json\/wp\/v2\/pages\/169\/revisions"}],"predecessor-version":[{"id":1093,"href":"https:\/\/ukazsvojuchemiu.sk\/en\/wp-json\/wp\/v2\/pages\/169\/revisions\/1093"}],"wp:attachment":[{"href":"https:\/\/ukazsvojuchemiu.sk\/en\/wp-json\/wp\/v2\/media?parent=169"}],"curies":[{"name":"wp","href":"https:\/\/api.w.org\/{rel}","templated":true}]}}